{"version":"1.0","provider_name":"Stella Vorarlberg","provider_url":"https:\/\/stella-musikhochschule.ac.at\/en","author_name":"Victor Marin","author_url":"https:\/\/stella-musikhochschule.ac.at\/en\/author\/57a6baf9f34cdf4f","title":"Rektor Dr. J\u00f6rg Maria Ortwein verst\u00e4rkt Expert*innenteam f\u00fcr den Europ\u00e4ischen Hochschulraum - Stella Vorarlberg","type":"rich","width":600,"height":338,"html":"<blockquote class=\"wp-embedded-content\" data-secret=\"M52PFonA6z\"><a href=\"https:\/\/stella-musikhochschule.ac.at\/en\/stella-musikhochschule-in-der-bologna-community\">Rektor Dr. J\u00f6rg Maria Ortwein verst\u00e4rkt Expert*innenteam f\u00fcr den Europ\u00e4ischen Hochschulraum<\/a><\/blockquote><iframe sandbox=\"allow-scripts\" security=\"restricted\" src=\"https:\/\/stella-musikhochschule.ac.at\/en\/stella-musikhochschule-in-der-bologna-community\/embed#?secret=M52PFonA6z\" width=\"600\" height=\"338\" title=\"&#8220;Rektor Dr. J\u00f6rg Maria Ortwein verst\u00e4rkt Expert*innenteam f\u00fcr den Europ\u00e4ischen Hochschulraum&#8221; &#8212; Stella Vorarlberg\" data-secret=\"M52PFonA6z\" frameborder=\"0\" marginwidth=\"0\" marginheight=\"0\" scrolling=\"no\" class=\"wp-embedded-content\"><\/iframe><script type=\"text\/javascript\">\n\/* <![CDATA[ *\/\n\/*! This file is auto-generated *\/\n!function(d,l){\"use strict\";l.querySelector&&d.addEventListener&&\"undefined\"!=typeof URL&&(d.wp=d.wp||{},d.wp.receiveEmbedMessage||(d.wp.receiveEmbedMessage=function(e){var t=e.data;if((t||t.secret||t.message||t.value)&&!\/[^a-zA-Z0-9]\/.test(t.secret)){for(var s,r,n,a=l.querySelectorAll('iframe[data-secret=\"'+t.secret+'\"]'),o=l.querySelectorAll('blockquote[data-secret=\"'+t.secret+'\"]'),c=new RegExp(\"^https?:$\",\"i\"),i=0;i<o.length;i++)o[i].style.display=\"none\";for(i=0;i<a.length;i++)s=a[i],e.source===s.contentWindow&&(s.removeAttribute(\"style\"),\"height\"===t.message?(1e3<(r=parseInt(t.value,10))?r=1e3:~~r<200&&(r=200),s.height=r):\"link\"===t.message&&(r=new URL(s.getAttribute(\"src\")),n=new URL(t.value),c.test(n.protocol))&&n.host===r.host&&l.activeElement===s&&(d.top.location.href=t.value))}},d.addEventListener(\"message\",d.wp.receiveEmbedMessage,!1),l.addEventListener(\"DOMContentLoaded\",function(){for(var e,t,s=l.querySelectorAll(\"iframe.wp-embedded-content\"),r=0;r<s.length;r++)(t=(e=s[r]).getAttribute(\"data-secret\"))||(t=Math.random().toString(36).substring(2,12),e.src+=\"#?secret=\"+t,e.setAttribute(\"data-secret\",t)),e.contentWindow.postMessage({message:\"ready\",secret:t},\"*\")},!1)))}(window,document);\n\/\/# sourceURL=https:\/\/stella-musikhochschule.ac.at\/wp-includes\/js\/wp-embed.min.js\n\/* ]]> *\/\n<\/script>\n","description":"Die Stella Musikhochschule freut sich, dass Rektor Dr. J\u00f6rg Maria Ortwein von der \u00d6sterreichischen Privatuniversit\u00e4ten-Konferenz (\u00d6PUK) als Experte im \u00bbExpert*innen-Team f\u00fcr den Europ\u00e4ischen Hochschulraum\u00ab (EHR Experts Team) nominiert und vom Bundesministerium f\u00fcr Frauen, Wissenschaft und Forschung (BMBWF) best\u00e4tigt wurde. Mit dieser Nominierung erh\u00e4lt der Sektor der \u00f6sterreichischen Privatuniversit\u00e4ten erstmals eine zus\u00e4tzliche fachliche Stimme in diesem [&hellip;]","thumbnail_url":"https:\/\/stella-musikhochschule.ac.at\/wp-content\/uploads\/2025\/02\/Joerg-Ortwein-16.jpg","thumbnail_width":532,"thumbnail_height":800}