{"version":"1.0","provider_name":"Stella Vorarlberg","provider_url":"https:\/\/stella-musikhochschule.ac.at\/en","author_name":"Victor Marin","author_url":"https:\/\/stella-musikhochschule.ac.at\/en\/author\/57a6baf9f34cdf4f","title":"PulsArt \u2013 Ensemble f\u00fcr Neue Musik an der Stella Musikhochschule sowie Anna Adamik und ihre Studierenden am Klavier - Stella Vorarlberg","type":"rich","width":600,"height":338,"html":"<blockquote class=\"wp-embedded-content\" data-secret=\"4uZ2y9PomD\"><a href=\"https:\/\/stella-musikhochschule.ac.at\/en\/6028\">PulsArt \u2013 Ensemble f\u00fcr Neue Musik an der Stella Musikhochschule sowie Anna Adamik und ihre Studierenden am Klavier<\/a><\/blockquote><iframe sandbox=\"allow-scripts\" security=\"restricted\" src=\"https:\/\/stella-musikhochschule.ac.at\/en\/6028\/embed#?secret=4uZ2y9PomD\" width=\"600\" height=\"338\" title=\"&#8220;PulsArt \u2013 Ensemble f\u00fcr Neue Musik an der Stella Musikhochschule sowie Anna Adamik und ihre Studierenden am Klavier&#8221; &#8212; Stella Vorarlberg\" data-secret=\"4uZ2y9PomD\" frameborder=\"0\" marginwidth=\"0\" marginheight=\"0\" scrolling=\"no\" class=\"wp-embedded-content\"><\/iframe><script type=\"text\/javascript\">\n\/* <![CDATA[ *\/\n\/*! This file is auto-generated *\/\n!function(d,l){\"use strict\";l.querySelector&&d.addEventListener&&\"undefined\"!=typeof URL&&(d.wp=d.wp||{},d.wp.receiveEmbedMessage||(d.wp.receiveEmbedMessage=function(e){var t=e.data;if((t||t.secret||t.message||t.value)&&!\/[^a-zA-Z0-9]\/.test(t.secret)){for(var s,r,n,a=l.querySelectorAll('iframe[data-secret=\"'+t.secret+'\"]'),o=l.querySelectorAll('blockquote[data-secret=\"'+t.secret+'\"]'),c=new RegExp(\"^https?:$\",\"i\"),i=0;i<o.length;i++)o[i].style.display=\"none\";for(i=0;i<a.length;i++)s=a[i],e.source===s.contentWindow&&(s.removeAttribute(\"style\"),\"height\"===t.message?(1e3<(r=parseInt(t.value,10))?r=1e3:~~r<200&&(r=200),s.height=r):\"link\"===t.message&&(r=new URL(s.getAttribute(\"src\")),n=new URL(t.value),c.test(n.protocol))&&n.host===r.host&&l.activeElement===s&&(d.top.location.href=t.value))}},d.addEventListener(\"message\",d.wp.receiveEmbedMessage,!1),l.addEventListener(\"DOMContentLoaded\",function(){for(var e,t,s=l.querySelectorAll(\"iframe.wp-embedded-content\"),r=0;r<s.length;r++)(t=(e=s[r]).getAttribute(\"data-secret\"))||(t=Math.random().toString(36).substring(2,12),e.src+=\"#?secret=\"+t,e.setAttribute(\"data-secret\",t)),e.contentWindow.postMessage({message:\"ready\",secret:t},\"*\")},!1)))}(window,document);\n\/\/# sourceURL=https:\/\/stella-musikhochschule.ac.at\/wp-includes\/js\/wp-embed.min.js\n\/* ]]> *\/\n<\/script>\n","description":"Fr. 10. April 2026, 19 UhrPf\u00f6rtnerhaus, Feldkirch Leitung: Benjamin Lack Programm *Gy\u00f6rgy Kurt\u00e1g (1926) &nbsp;J\u00e1t\u00e9kok (Spiele)Pr\u00e4ludium und Walzer in cHommage \u00e0 Bart\u00f3kLasst uns bl\u00f6delnGlockenblumeLeises Gespr\u00e4ch mit dem TeufelWalzerSpiel mit GrundelementenPerpetuum mobile Anna Adamik, Klavier Hans Werner Henze (1926-2012)Neue Volkslieder und Hirtenges\u00e4nge f\u00fcr Fagott, Gitarre und Streichtrio Gy\u00f6rgy Kurt\u00e1g &nbsp;J\u00e1t\u00e9kok (Spiele)NebelkanonZorniger ChoralBlumen die Menschen Johann Sebastian [&hellip;]","thumbnail_url":"https:\/\/stella-musikhochschule.ac.at\/wp-content\/uploads\/2026\/03\/DSC_2507_a3-scaled.jpg","thumbnail_width":2560,"thumbnail_height":1810}